{"id":2264,"date":"2020-02-25T11:09:33","date_gmt":"2020-02-25T11:09:33","guid":{"rendered":"https:\/\/demo.gloriathemes.com\/noxe\/demo\/?page_id=2264"},"modified":"2025-04-24T13:08:27","modified_gmt":"2025-04-24T13:08:27","slug":"seminars","status":"publish","type":"page","link":"https:\/\/crossgen.media\/de\/seminars","title":{"rendered":"Seminare"},"content":{"rendered":"<div class=\"wpb-content-wrapper\"><div data-vc-full-width=\"true\" data-vc-full-width-init=\"false\" class=\"vc_row wpb_row vc_row-fluid vc_custom_1675166811351 gt-background-position-default gt-background-attachment-default gt-overflow-default\"><div class=\"wpb_column vc_column_container vc_col-sm-12\"><div class=\"vc_column-inner vc_custom_1724417541506\"><div class=\"wpb_wrapper\"><div class=\"gt-service-boxes gt-style-6 gt-dark\"><div class=\"gt-grid gt-grid-4 gt-spacing-15\"><div class=\"gt-grid-col\"><div class=\"gt-item gt-align-center\"><div class=\"gt-title\">INDIVIDUELLE WORKSHOPS<\/div><p>Gruppenkurse bei uns oder bei Ihnen von 1 bis 3 Tagen mit abgestimmten Inhalten und Seminarcharakter.<\/p>\n<\/div><\/div><div class=\"gt-grid-col\"><div class=\"gt-item gt-align-center\"><div class=\"gt-title\">PERSONAL TRAINING<\/div><p>Individuelle Kurse bei uns oder bei Ihnen von 1 bis 3 Tagen mit abgestimmten Inhalten und Vertiefungsm\u00f6glichkeit.<\/p>\n<\/div><\/div><div class=\"gt-grid-col\"><div class=\"gt-item gt-align-center\"><div class=\"gt-title\">MASTERCLASS<\/div><p>Eint\u00e4gige Kurse zu exklusiven Spezialthemen bei uns oder bei ihnen mit einem stark praxisorientierten, fortgeschrittenen Charakter.<\/p>\n<\/div><\/div><div class=\"gt-grid-col\"><div class=\"gt-item gt-align-center\"><div class=\"gt-title\">FORTBILDUNG<\/div><p>Gruppenseminare von 2 bis 4 Tagen in ihren R\u00e4umlichkeiten zu vorgegebenen Themen und mit regelm\u00e4\u00dfiger Supervision.<\/p>\n<\/div><\/div><\/div><\/div><div class=\"vc_empty_space\"   style=\"height: 32px\"><span class=\"vc_empty_space_inner\"><\/span><\/div>\n<div class=\"vc_grid-container-wrapper vc_clearfix vc_grid-animation-none\">\n\t<div class=\"vc_grid-container vc_clearfix wpb_content_element vc_media_grid\" data-initial-loading-animation=\"none\" data-vc-grid-settings=\"{&quot;page_id&quot;:2264,&quot;style&quot;:&quot;all&quot;,&quot;action&quot;:&quot;vc_get_vc_grid_data&quot;,&quot;shortcode_id&quot;:&quot;1745500019862-f0c30155a55445c6d772c15265493537-3&quot;,&quot;tag&quot;:&quot;vc_media_grid&quot;}\" data-vc-request=\"https:\/\/crossgen.media\/wp-admin\/admin-ajax.php\" data-vc-post-id=\"2264\" data-vc-public-nonce=\"d963e87f99\">\n\t\t\n\t<\/div>\n<\/div><div class=\"vc_empty_space\"   style=\"height: 44px\"><span class=\"vc_empty_space_inner\"><\/span><\/div><div class=\"vc_row wpb_row vc_inner vc_row-fluid gt-background-position-default gt-background-attachment-default gt-overflow-default\"><div class=\"wpb_column vc_column_container vc_col-sm-2\"><div class=\"vc_column-inner\"><div class=\"wpb_wrapper\"><\/div><\/div><\/div><div class=\"wpb_column vc_column_container vc_col-sm-8\"><div class=\"vc_column-inner\"><div class=\"wpb_wrapper\"><div class=\"gt-heading gt-style-4 gt-dark gt-align-center\"><div class=\"gt-subtitle\">Bedarf \u279e L\u00f6sungen<\/div><h6 class=\"gt-title\">Sie wollen bestimmte Ziele in Ihrem Unternehmen, Ihrer Einrichtung oder Institution erreichen, aber Ihnen fehlen Wege, Kenntnisse und Werkzeuge? Wir bieten Ihnen ressourcenschonende und auf Ihre Bed\u00fcrfnisse zugeschnittene Hard- und Soft Skills, um Ihre Aufgaben auch ohne Vorkenntnisse zu meistern.<\/h6><\/div><div class=\"vc_empty_space\"   style=\"height: 32px\"><span class=\"vc_empty_space_inner\"><\/span><\/div>\n\t<div class=\"wpb_text_column wpb_content_element vc_custom_1697986310213\" >\n\t\t<div class=\"wpb_wrapper\">\n\t\t\t<p style=\"text-align: center;\"><span style=\"opacity: .6;\">Gerne laden wir Sie zu einem kostenlosen und unverbindlichen Informationsgespr\u00e4ch per Videocall ein.<\/span><\/p>\n\n\t\t<\/div>\n\t<\/div>\n<div  class=\"vc_do_toggle vc_toggle vc_toggle_round vc_toggle_color_orange  vc_toggle_size_md\"><div class=\"vc_toggle_title\"><h6 style=\"text-align: left\" class=\"vc_custom_heading vc_do_custom_heading\" >Ihr Bedarf \/ Herausforderungen<\/h6><i class=\"vc_toggle_icon\"><\/i><\/div><div class=\"vc_toggle_content\"><p>Many employees in companies and institutions are expected to prepare and produce multimedia information independently or in working groups so that it is available as a video clip, livestream or \u2018catchy\u2019 presentation.<\/p>\n<p>However, most content is not seen and leads to frustration and disinterest. The attention span for average digital content is now so low that in most cases the investment in technology, software and equipment is questioned. The \u2018know-how\u2019, the basic content-related craft and above all the joy of dealing with multimedia media are not promoted or trained enough.<\/p>\n<p>The future of digital communication lies in \u2018infotainment\u2019, i.e. high-quality audio-visual storytelling \u2013 also for information and text-heavy content. To this end, we offer the following courses and workshops as further education or individual training.<\/p>\n<\/div><\/div><div  class=\"vc_do_toggle vc_toggle vc_toggle_round vc_toggle_color_orange  vc_toggle_size_md\"><div class=\"vc_toggle_title\"><h6 style=\"text-align: left\" class=\"vc_custom_heading vc_do_custom_heading\" >Unsere L\u00f6sungen \/ Seminare<\/h6><i class=\"vc_toggle_icon\"><\/i><\/div><div class=\"vc_toggle_content\"><p>Unsere Themenbereiche und Kurse sind beliebig kombinierbar. Wir k\u00f6nnen uns flexibel auf vorhandene Vorgaben bzw. Anforderungen einstellen und auf spezielle Fragestellungen eingehen.<\/p>\n<ul>\n<li class=\" translation-block\"><span style=\"color: #ffb700\"><strong>Hochwertige Videokonferenzen:<\/strong><\/span>  Bessere Wirkung vor der Kamera, Umgang mit Bild, Licht, Ton und Raumgestaltung sowie Moderations- und Stimmtechniken f\u00fcr kompetentes Auftreten und mehr Pr\u00e4senz.<\/li>\n<\/ul>\n<ul>\n<li class=\" translation-block\"><span style=\"color: #ffb700\"><strong>Kreativwerkstatt als \u2018Think Tank\u2019:<\/strong><\/span> M\u00f6glichkeiten und Formatentwicklungen f\u00fcr eine zukunftsf\u00e4hige audiovisuelle Kommunikation nach unternehmerischen Potenzialen und nachhaltiger Wirkung. Vorstellung von Videokan\u00e4len, Analysetools und Funktionsweisen auf Social Media Plattformen.<\/li>\n<\/ul>\n<ul>\n<li class=\" translation-block\"><span style=\"color: #ffb700\"><strong>Videoproduktion:<\/strong><\/span> Das erworbene Equipment kennen, richtig einsetzen und ausreizen. Grundlagen der Wirkungsweise von Film kennenlernen und auf die Informationsvermittlung \u00fcbertragen. Interviews richtig drehen und Spannung durch visuelles Storytelling erzeugen.<\/li>\n<\/ul>\n<ul>\n<li><span style=\"color: #dd9933;\">Filming with the smartphone: <\/span> <\/span>Special courses for the daily companion in your pocket. Possibilities, limits and handling of sound and image. Post-production, \u2018on-device\u2019 editing for social media.<\/li>\n<\/ul>\n<ul>\n<li class=\" translation-block\"><span style=\"color: #ffb700\"><strong>Digitale Events oder Livestreams:<\/strong><\/span> Erarbeitung der technischen Grundlagen und Umsetzung einer \u2018Sendestrecke\u2019 inkl. angemessener, aber spannender visueller Kommunikation durch Bildgestaltung und Sprechercoaching. Wie man einfach TV-Praktiken zu seinem Vorteil nutzen kann.<\/li>\n<\/ul>\n<ul>\n<li class=\" translation-block\"><span style=\"color: #ffb700\"><strong>Montage\/Schnitt:<\/strong><\/span> Alles zum Thema Storytelling und Bearbeitung in der Postproduktion, sowie psychologische Wirkungsweisen, g\u00e4ngige Spannungspraktiken, Dramaturgie und Manipulation. Einf\u00fchrung in Software und Apps. Vorstellung verschiedener Codecs, Parameter und Anforderungen. Praktische \u00dcbungen zur Fertigstellung eines Pilotprojektes.<\/li>\n<\/ul>\n<\/div><\/div><\/div><\/div><\/div><div class=\"wpb_column vc_column_container vc_col-sm-2\"><div class=\"vc_column-inner\"><div class=\"wpb_wrapper\"><\/div><\/div><\/div><\/div><div class=\"vc_icon_element vc_icon_element-outer vc_do_icon wpb_animate_when_almost_visible wpb_fadeInDown fadeInDown vc_icon_element-align-center\"><div class=\"vc_icon_element-inner vc_icon_element-color-custom vc_icon_element-size-sm vc_icon_element-style- vc_icon_element-background-color-grey\" ><span class=\"vc_icon_element-icon fas fa-angle-double-down\" style=\"color:#7f7f7f !important\"><\/span><\/div><\/div><\/div><\/div><\/div><\/div><div class=\"vc_row-full-width vc_clearfix\"><\/div><div data-vc-full-width=\"true\" data-vc-full-width-init=\"false\" class=\"vc_row wpb_row vc_row-fluid vc_custom_1674841013185 vc_row-has-fill gt-background-position-default gt-background-attachment-default gt-overflow-default\"><div class=\"wpb_column vc_column_container vc_col-sm-12\"><div class=\"vc_column-inner vc_custom_1675180387364\"><div class=\"wpb_wrapper\"><div class=\"vc_separator wpb_content_element vc_separator_align_center vc_sep_width_100 vc_sep_border_width_2 vc_sep_pos_align_center vc_sep_color_orange wpb_content_element logos vc_separator-has-text\" ><span class=\"vc_sep_holder vc_sep_holder_l\"><span class=\"vc_sep_line\"><\/span><\/span><h4 class=\" translation-block\">Skillstraining f\u00fcr bessere Online-Kommunikation. Video als Mittel des Dialogs im Team oder mit der f\u00fcr Sie relevanten Welt.<br>\nAber auch zu allgemeinen Film- und Storytelling-Themen. Wir bieten Hilfe zur Selbsthilfe und professionelles Training.<\/h4><span class=\"vc_sep_holder vc_sep_holder_r\"><span class=\"vc_sep_line\"><\/span><\/span>\n<\/div><div class=\"vc_empty_space\"   style=\"height: 45px\"><span class=\"vc_empty_space_inner\"><\/span><\/div><div class=\"gt-logos gt-style-1\"><div class=\"gt-grid gt-grid-5 gt-spacing-20\"><div class=\"gt-grid-col\"><div class=\"gt-item gt-opacity gt-grayscale\"><img loading=\"lazy\" decoding=\"async\" width=\"458\" height=\"110\" src=\"https:\/\/crossgen.media\/wp-content\/uploads\/2023\/01\/ifa.png\" class=\"attachment-full size-full\" alt=\"\" srcset=\"https:\/\/crossgen.media\/wp-content\/uploads\/2023\/01\/ifa.png 458w, https:\/\/crossgen.media\/wp-content\/uploads\/2023\/01\/ifa-300x72.png 300w\" sizes=\"auto, (max-width: 458px) 100vw, 458px\" \/><\/div><\/div><div class=\"gt-grid-col\"><div class=\"gt-item gt-opacity gt-grayscale\"><img loading=\"lazy\" decoding=\"async\" width=\"1772\" height=\"717\" src=\"https:\/\/crossgen.media\/wp-content\/uploads\/2023\/01\/kulturberlin.jpg\" class=\"attachment-full size-full\" alt=\"\" srcset=\"https:\/\/crossgen.media\/wp-content\/uploads\/2023\/01\/kulturberlin.jpg 1772w, https:\/\/crossgen.media\/wp-content\/uploads\/2023\/01\/kulturberlin-300x121.jpg 300w, https:\/\/crossgen.media\/wp-content\/uploads\/2023\/01\/kulturberlin-1024x414.jpg 1024w, https:\/\/crossgen.media\/wp-content\/uploads\/2023\/01\/kulturberlin-768x311.jpg 768w, https:\/\/crossgen.media\/wp-content\/uploads\/2023\/01\/kulturberlin-1536x622.jpg 1536w, https:\/\/crossgen.media\/wp-content\/uploads\/2023\/01\/kulturberlin-600x243.jpg 600w\" sizes=\"auto, (max-width: 1772px) 100vw, 1772px\" \/><\/div><\/div><div class=\"gt-grid-col\"><div class=\"gt-item gt-opacity gt-grayscale\"><img loading=\"lazy\" decoding=\"async\" width=\"500\" height=\"143\" src=\"https:\/\/crossgen.media\/wp-content\/uploads\/2023\/01\/unipotsdam.png\" class=\"attachment-full size-full\" alt=\"\" srcset=\"https:\/\/crossgen.media\/wp-content\/uploads\/2023\/01\/unipotsdam.png 500w, https:\/\/crossgen.media\/wp-content\/uploads\/2023\/01\/unipotsdam-300x86.png 300w\" sizes=\"auto, (max-width: 500px) 100vw, 500px\" \/><\/div><\/div><div class=\"gt-grid-col\"><div class=\"gt-item gt-opacity gt-grayscale\"><img loading=\"lazy\" decoding=\"async\" width=\"210\" height=\"117\" src=\"https:\/\/crossgen.media\/wp-content\/uploads\/2023\/01\/auswartigesamt.png\" class=\"attachment-full size-full\" alt=\"\" \/><\/div><\/div><div class=\"gt-grid-col\"><div class=\"gt-item gt-opacity gt-grayscale\"><img loading=\"lazy\" decoding=\"async\" width=\"3714\" height=\"1021\" src=\"https:\/\/crossgen.media\/wp-content\/uploads\/2023\/01\/unihamburg.png\" class=\"attachment-full size-full\" alt=\"\" srcset=\"https:\/\/crossgen.media\/wp-content\/uploads\/2023\/01\/unihamburg.png 3714w, https:\/\/crossgen.media\/wp-content\/uploads\/2023\/01\/unihamburg-300x82.png 300w, https:\/\/crossgen.media\/wp-content\/uploads\/2023\/01\/unihamburg-1024x282.png 1024w, https:\/\/crossgen.media\/wp-content\/uploads\/2023\/01\/unihamburg-768x211.png 768w, https:\/\/crossgen.media\/wp-content\/uploads\/2023\/01\/unihamburg-1536x422.png 1536w, https:\/\/crossgen.media\/wp-content\/uploads\/2023\/01\/unihamburg-2048x563.png 2048w, https:\/\/crossgen.media\/wp-content\/uploads\/2023\/01\/unihamburg-600x165.png 600w\" sizes=\"auto, (max-width: 3714px) 100vw, 3714px\" \/><\/div><\/div><div class=\"gt-grid-col\"><div class=\"gt-item gt-opacity gt-grayscale\"><img loading=\"lazy\" decoding=\"async\" width=\"210\" height=\"200\" src=\"https:\/\/crossgen.media\/wp-content\/uploads\/2023\/01\/dena.jpg\" class=\"attachment-full size-full\" alt=\"\" \/><\/div><\/div><div class=\"gt-grid-col\"><div class=\"gt-item gt-opacity gt-grayscale\"><img loading=\"lazy\" decoding=\"async\" width=\"128\" height=\"128\" src=\"https:\/\/crossgen.media\/wp-content\/uploads\/2023\/01\/bda.png\" class=\"attachment-full size-full\" alt=\"\" srcset=\"https:\/\/crossgen.media\/wp-content\/uploads\/2023\/01\/bda.png 128w, https:\/\/crossgen.media\/wp-content\/uploads\/2023\/01\/bda-100x100.png 100w, https:\/\/crossgen.media\/wp-content\/uploads\/2023\/01\/bda-50x50.png 50w\" sizes=\"auto, (max-width: 128px) 100vw, 128px\" \/><\/div><\/div><div class=\"gt-grid-col\"><div class=\"gt-item gt-opacity gt-grayscale\"><img loading=\"lazy\" decoding=\"async\" width=\"629\" height=\"186\" src=\"https:\/\/crossgen.media\/wp-content\/uploads\/2023\/01\/sae.png\" class=\"attachment-full size-full\" alt=\"\" srcset=\"https:\/\/crossgen.media\/wp-content\/uploads\/2023\/01\/sae.png 629w, https:\/\/crossgen.media\/wp-content\/uploads\/2023\/01\/sae-300x89.png 300w, https:\/\/crossgen.media\/wp-content\/uploads\/2023\/01\/sae-600x177.png 600w\" sizes=\"auto, (max-width: 629px) 100vw, 629px\" \/><\/div><\/div><div class=\"gt-grid-col\"><div class=\"gt-item gt-opacity gt-grayscale\"><img loading=\"lazy\" decoding=\"async\" width=\"102\" height=\"128\" src=\"https:\/\/crossgen.media\/wp-content\/uploads\/2023\/01\/filmarche.png\" class=\"attachment-full size-full\" alt=\"\" \/><\/div><\/div><div class=\"gt-grid-col\"><div class=\"gt-item gt-opacity gt-grayscale\"><img loading=\"lazy\" decoding=\"async\" width=\"573\" height=\"136\" src=\"https:\/\/crossgen.media\/wp-content\/uploads\/2023\/01\/staatlichemuseen.png\" class=\"attachment-full size-full\" alt=\"\" srcset=\"https:\/\/crossgen.media\/wp-content\/uploads\/2023\/01\/staatlichemuseen.png 573w, https:\/\/crossgen.media\/wp-content\/uploads\/2023\/01\/staatlichemuseen-300x71.png 300w\" sizes=\"auto, (max-width: 573px) 100vw, 573px\" \/><\/div><\/div><\/div><\/div><div class=\"vc_empty_space\"   style=\"height: 32px\"><span class=\"vc_empty_space_inner\"><\/span><\/div><\/div><\/div><\/div><\/div><div class=\"vc_row-full-width vc_clearfix\"><\/div><div data-vc-full-width=\"true\" data-vc-full-width-init=\"false\" class=\"vc_row wpb_row vc_row-fluid vc_custom_1674842191824 vc_row-has-fill gt-background-position-default gt-background-attachment-default gt-divider-background-active gt-overflow-default\"><div class=\"wpb_column vc_column_container vc_col-sm-12 vc_hidden-sm vc_hidden-xs\"><div class=\"vc_column-inner\"><div class=\"wpb_wrapper\"><div class=\"gt-heading gt-custom gt-dark gt-align-center\"><h2 class=\"gt-title\" style=\"margin: -10px;background: #e29700;\t\t\t\t\t\t\t\tbackground: linear-gradient(to bottom, #e29700, #ffffff);\t\t\t\t\t\t\t\t-webkit-background-clip: text;\t\t\t\t\t\t\t\t-webkit-text-fill-color: transparent;\">Kundenstimmen<\/h2><\/div><div class=\"vc_row wpb_row vc_inner vc_row-fluid vc_custom_1712075392157 gt-background-position-default gt-background-attachment-default gt-overflow-default\"><div class=\"wpb_column vc_column_container vc_col-sm-1 vc_hidden-sm vc_hidden-xs\"><div class=\"vc_column-inner\"><div class=\"wpb_wrapper\"><\/div><\/div><\/div><div class=\"wpb_column vc_column_container vc_col-sm-10 vc_hidden-sm vc_hidden-xs\"><div class=\"vc_column-inner\"><div class=\"wpb_wrapper\"><div class=\"gt-testimonials gt-style-4 gt-dark gt-align-center\"><div class=\"gt-grid gt-grid-3 gt-spacing-20\"><div class=\"gt-grid-col\"><div class=\"gt-item\"><div class=\"gt-text\"><p>Sie konnten uns auf eine zweit\u00e4gige Reise durch die Kunst des Filmemachens mitnehmen und dabei sowohl technische Aspekte und Schnitt als auch Dramaturgie und pers\u00f6nliche F\u00e4higkeiten erkunden. Der Workshop war eine wertvolle Hilfe bei der Entwicklung unseres Projekts und aussagekr\u00e4ftiger Videos.<\/p>\n<\/div><div class=\"gt-name\"><span>Elisabeth Korinth<\/span><span class=\"gt-subtitle\">PERGAMON MUSEUM<\/span><\/div><\/div><\/div><div class=\"gt-grid-col\"><div class=\"gt-item\"><div class=\"gt-text\"><p>Ein gro\u00dfartiges, ausverkauftes Webinar, das meine Erwartungen mehr als erf\u00fcllt hat. Ein besonderer Dialog, der mit Leidenschaft gef\u00fchrt wurde und bei dem die menschliche Verbindung im Mittelpunkt stand. Es wurde sehr deutlich, dass diese Ans\u00e4tze den Kern des Storytellings darstellen ... und Reichweite.<\/p>\n<\/div><div class=\"gt-name\"><span>Alexander Bednarz<\/span><span class=\"gt-subtitle\">GRAPHIC DESIGNER<\/span><\/div><\/div><\/div><div class=\"gt-grid-col\"><div class=\"gt-item\"><div class=\"gt-text\"><p>Wir erwarben profunde Kompetenzen in den Bereichen Infotainment und digitale Kommunikation. In dem zweit\u00e4gigen Workshop wurden wir auf inspirierende Art und Weise in das multimediale Storytelling eingef\u00fchrt. Gemeinsam konzipierten wir konkrete Videoformate.<\/p>\n<\/div><div class=\"gt-name\"><span>Axel Scheelhaase<\/span><span class=\"gt-subtitle\">DEUTSCHE ENERGIEAGENTUR<\/span><\/div><\/div><\/div><\/div><\/div><\/div><\/div><\/div><div class=\"wpb_column vc_column_container vc_col-sm-1 vc_hidden-sm vc_hidden-xs\"><div class=\"vc_column-inner\"><div class=\"wpb_wrapper\"><\/div><\/div><\/div><\/div><\/div><\/div><\/div><div class=\"gt-divider-background gt-top\" style=\"background-color:rgba(0,0,0,0.5);height:100%;\"><\/div><\/div><div class=\"vc_row-full-width vc_clearfix\"><\/div>\n<\/div>","protected":false},"excerpt":{"rendered":"INDIVIDUAL WORKSHOPSGroup courses at ours or yours from 1 to 3 days with coordinated content and seminar character. PERSONAL TRAININGIndividual courses at ours or yours...","protected":false},"author":1,"featured_media":0,"parent":0,"menu_order":0,"comment_status":"closed","ping_status":"closed","template":"","meta":{"_seopress_robots_primary_cat":"","_seopress_titles_title":"","_seopress_titles_desc":"","_seopress_robots_index":"","footnotes":""},"class_list":["post-2264","page","type-page","status-publish","hentry"],"_links":{"self":[{"href":"https:\/\/crossgen.media\/de\/wp-json\/wp\/v2\/pages\/2264","targetHints":{"allow":["GET"]}}],"collection":[{"href":"https:\/\/crossgen.media\/de\/wp-json\/wp\/v2\/pages"}],"about":[{"href":"https:\/\/crossgen.media\/de\/wp-json\/wp\/v2\/types\/page"}],"author":[{"embeddable":true,"href":"https:\/\/crossgen.media\/de\/wp-json\/wp\/v2\/users\/1"}],"replies":[{"embeddable":true,"href":"https:\/\/crossgen.media\/de\/wp-json\/wp\/v2\/comments?post=2264"}],"version-history":[{"count":2,"href":"https:\/\/crossgen.media\/de\/wp-json\/wp\/v2\/pages\/2264\/revisions"}],"predecessor-version":[{"id":5640,"href":"https:\/\/crossgen.media\/de\/wp-json\/wp\/v2\/pages\/2264\/revisions\/5640"}],"wp:attachment":[{"href":"https:\/\/crossgen.media\/de\/wp-json\/wp\/v2\/media?parent=2264"}],"curies":[{"name":"wp","href":"https:\/\/api.w.org\/{rel}","templated":true}]}}